{"id":6609,"date":"2015-08-18T11:00:35","date_gmt":"2015-08-18T09:00:35","guid":{"rendered":"http:\/\/www.tierarztschwyz.ch\/?page_id=6609"},"modified":"2026-01-26T13:11:32","modified_gmt":"2026-01-26T11:11:32","slug":"team-2","status":"publish","type":"page","link":"https:\/\/www.tierarztschwyz.ch\/?page_id=6609","title":{"rendered":"Team"},"content":{"rendered":"<section  class=\"section swatch-decoration section-nopadding has-bottom \" ><div class=\"background-media\"><\/div><div class=\"background-overlay\" style=\"background-color:rgba(0,0,0,0)\"><\/div><div class=\"container\"><div class=\"row vertical-top\"><div class=\"col-md-12  text-default\" ><\/div><\/div><\/div><div class=\"decor-bottom\"><svg class=\"decor\" height=\"100%\" preserveaspectratio=\"none\" version=\"1.1\" viewbox=\"0 0 100 100\" width=\"100%\" xmlns=\"http:\/\/www.w3.org\/2000\/svg\">\n  <path d=\"M0 0 L100 0 L100 100\" stroke-width=\"0\"><\/path>\n<\/svg>\n<\/div><\/section><section  class=\"section swatch-light section-short \" ><div class=\"background-media\"><\/div><div class=\"background-overlay\" style=\"background-color:rgba(0,0,0,0)\"><\/div><div class=\"container\"><header class=\"section-header text-center underline\"><h1 class=\"headline super hairline\">Team<\/h1><p>Unser Team stellt sich vor<\/p><\/header><div class=\"row vertical-top\"><div class=\"col-md-12  text-default\" ><\/div><\/div><\/div><\/section><section  class=\"section swatch-light section-nopadding \" ><div class=\"background-media\"><\/div><div class=\"background-overlay\" style=\"background-color:rgba(0,0,0,0)\"><\/div><div class=\"container\"><div class=\"row vertical-top\"><div class=\"col-md-9  text-default\" ><h1>Christine Abgottspon-Jakob<\/h1>\n<h2>Dr. med. vet.<\/h2>\n<table style=\"width: 100%;\" border=\"0\" cellpadding=\"0\">\n<tbody>\n<tr>\n<td style=\"width: 15%; vertical-align: top;\">1982-1988<\/td>\n<td style=\"width: 85%; vertical-align: top;\">Kantonsschule Rychenberg Winterthur. Matura Typus B<\/td>\n<\/tr>\n<tr>\n<td style=\"vertical-align: top;\">1988-1993<\/td>\n<td style=\"vertical-align: top;\">Studium der Veterin\u00e4rmedizin in Z\u00fcrich<\/td>\n<\/tr>\n<tr>\n<td style=\"vertical-align: top;\">1994-1997<\/td>\n<td style=\"vertical-align: top;\">Assistenztier\u00e4rztin an der Klinik f\u00fc Andrologie und Gyn\u00e4kologie, Abteilung Fortpflanzungstechnologie am Tierspital Z\u00fcrich<\/td>\n<\/tr>\n<tr>\n<td style=\"vertical-align: top;\">1998<\/td>\n<td style=\"vertical-align: top;\">Dissertation an der Klinik f\u00fc Andrologie und Gyn\u00e4kologie der Universit\u00e4t Z\u00fcrich<\/td>\n<\/tr>\n<tr>\n<td style=\"vertical-align: top;\">1997-2000<\/td>\n<td style=\"vertical-align: top;\">Gemischtpraxis Dr. med. vet. G. Flury, Kriegstetten<\/td>\n<\/tr>\n<tr>\n<td style=\"vertical-align: top;\">Seit 2002<\/td>\n<td style=\"vertical-align: top;\">Lehrerin f\u00fc Tiergesundheit am Berufsbildungszentrum\u00c2\u00a0Pf\u00e4ffikon SZ<\/td>\n<\/tr>\n<tr>\n<td style=\"vertical-align: top;\">2003-2004<\/td>\n<td style=\"vertical-align: top;\">Gemeinschaftspraxis mit Dr. med. vet. T. Linggi, Schwyz<\/td>\n<\/tr>\n<tr>\n<td style=\"vertical-align: top;\">Seit 2004<\/td>\n<td style=\"vertical-align: top;\">Gemeinschaftspraxis mit meinem Mann Silvan<\/td>\n<\/tr>\n<\/tbody>\n<\/table>\n<\/div><div class=\"col-md-3  text-default\" ><div class=\"box-wrap alignleft\" data-animation=\"none\"><div class=\"box-square box-big\"><div class=\"box-dummy\"><\/div><span class=\"box-inner\"><a href=\"https:\/\/www.tierarztschwyz.ch\/wp\/wp-content\/uploads\/2014\/08\/christine_abgottspon-jakob.jpg\" target=\"_self\" class=\"magnific\"><img decoding=\"async\" alt=\"\" src=\"https:\/\/www.tierarztschwyz.ch\/wp\/wp-content\/uploads\/2014\/08\/christine_abgottspon-jakob.jpg\"\/><\/a><\/span><\/div><\/div><\/div><\/div><\/div><\/section><section  class=\"section swatch-light section-tiny \" ><div class=\"background-media\"><\/div><div class=\"background-overlay\" style=\"background-color:rgba(0,0,0,0)\"><\/div><div class=\"container\"><div class=\"row vertical-top\"><div class=\"col-md-9  text-default\" ><h1>Silvan Abgottspon<\/h1>\n<h2>Dr. med. vet.<\/h2>\n<table style=\"width: 100%;\" border=\"0\" cellpadding=\"0\">\n<tbody>\n<tr>\n<td style=\"width: 15%; vertical-align: top;\">1986-1991<\/td>\n<td style=\"width: 85%; vertical-align: top;\">Kollegium Spiritus Sanctus, Brig. Matura Typus C<\/td>\n<\/tr>\n<tr>\n<td style=\"vertical-align: top;\">1992-1997<\/td>\n<td style=\"vertical-align: top;\">Studium der Veterin\u00e4rmedizin in Fribourg und Z\u00fcrich<\/td>\n<\/tr>\n<tr>\n<td style=\"vertical-align: top;\">1998-2000<\/td>\n<td style=\"vertical-align: top;\">Gemischtpraxis Dr. med. vet. G. Flury, Kriegstetten<\/td>\n<\/tr>\n<tr>\n<td style=\"vertical-align: top;\">2000-2001<\/td>\n<td style=\"vertical-align: top;\">Nutztier und Pferdepraxis Dr. med. vet. F. Stampfli, Balsthal<\/td>\n<\/tr>\n<tr>\n<td style=\"vertical-align: top;\">2001<\/td>\n<td style=\"vertical-align: top;\">Dissertation am Veterin\u00e4r-Anatomischen Institut der Universit\u00e4t Z\u00fcrich<\/td>\n<\/tr>\n<tr>\n<td style=\"vertical-align: top;\">2001\u00e2\u20ac\u201c2002<\/td>\n<td style=\"vertical-align: top;\">Tierklinik am Kreis in Netstal bei Dr. med. vet. Hp. Weber<\/td>\n<\/tr>\n<tr>\n<td style=\"vertical-align: top;\">2003-2004<\/td>\n<td style=\"vertical-align: top;\">Gemeinschaftspraxis mit Dr. med. vet. T. Linggi, Schwyz<\/td>\n<\/tr>\n<tr>\n<td style=\"vertical-align: top;\">Seit 2004<\/td>\n<td style=\"vertical-align: top;\">Gemeinschaftspraxis mit meiner Frau Christine<\/td>\n<\/tr>\n<\/tbody>\n<\/table>\n<\/div><div class=\"col-md-3  text-default\" ><div class=\"box-wrap alignleft\" data-animation=\"none\"><div class=\"box-square box-big\"><div class=\"box-dummy\"><\/div><span class=\"box-inner\"><a href=\"https:\/\/www.tierarztschwyz.ch\/wp\/wp-content\/uploads\/2014\/08\/silvan_abgottspon.jpg\" target=\"_self\" class=\"magnific\"><img decoding=\"async\" alt=\"\" src=\"https:\/\/www.tierarztschwyz.ch\/wp\/wp-content\/uploads\/2014\/08\/silvan_abgottspon.jpg\"\/><\/a><\/span><\/div><\/div><\/div><\/div><\/div><\/section><section  class=\"section swatch-light section-tiny \" ><div class=\"background-media\"><\/div><div class=\"background-overlay\" style=\"background-color:rgba(0,0,0,0)\"><\/div><div class=\"container\"><div class=\"row vertical-top\"><div class=\"col-md-9  text-default\" ><h1>Edith Schn\u00fciger-Schilter<\/h1>\n<h2>Dr. med. vet.<\/h2>\n<table style=\"width: 100%;\" border=\"0\" cellpadding=\"0\">\n<tbody>\n<tr>\n<td style=\"width: 15%; vertical-align: top;\" width=\"15%\">1992-1995<\/td>\n<td width=\"85%\">Ausbildung zur medizinischen Praxisassistentin an der Berit Schule in Luzern mit anschliessendem Praktikum bei Dr. med. N. Kamer, Arth<\/td>\n<\/tr>\n<tr>\n<td style=\"vertical-align: top;\">1995-1997<\/td>\n<td style=\"vertical-align: top;\">Med. Praxisassistentin bei Dr. med. B. Untern\u00e4hrer in Ebikon LU<\/td>\n<\/tr>\n<tr>\n<td style=\"vertical-align: top;\">1997-1999<\/td>\n<td style=\"vertical-align: top;\">Med. Praxisassistentin bei Dr. med. N. Kamer in Arth SZ<\/td>\n<\/tr>\n<tr>\n<td style=\"vertical-align: top;\">1996-1999<\/td>\n<td style=\"vertical-align: top;\">Maturit\u00e4tsschule f\u00fc Erwachsene in Luzern<\/td>\n<\/tr>\n<tr>\n<td style=\"vertical-align: top;\">1999-2004<\/td>\n<td style=\"vertical-align: top;\">Studium der Veterin\u00e4rmedizin, Universit\u00e4t Z\u00fcrich<\/td>\n<\/tr>\n<tr>\n<td style=\"vertical-align: top;\">2004-2007<\/td>\n<td style=\"vertical-align: top;\">Nutztierpraxis bei Dr. med. vet. N. Hess, Rothenthurm<\/td>\n<\/tr>\n<tr>\n<td style=\"vertical-align: top;\">2007<\/td>\n<td style=\"vertical-align: top;\">Dissertation an der Klinik f\u00fc Fortpflanzungsmedizin Vetsuisse-Fakult\u00e4t, Universit\u00e4t Z\u00fcrich in Zusammenarbeit mit Swissgenetics, Zollikofen<\/td>\n<\/tr>\n<tr>\n<td style=\"vertical-align: top;\">2007-2008<\/td>\n<td style=\"vertical-align: top;\">Gemischtpraxis bei Dr. med. vet. B. Disler, Kleindietwil BE<\/td>\n<\/tr>\n<tr>\n<td style=\"vertical-align: top;\">Seit 2008<\/td>\n<td style=\"vertical-align: top;\">Tier\u00e4rztliche Praxis Schwyz AG, Dres. Ch. und S. Abgottspon, Schwyz<\/td>\n<\/tr>\n<\/tbody>\n<\/table>\n<\/div><div class=\"col-md-3  text-default\" ><div class=\"box-wrap alignleft\" data-animation=\"none\"><div class=\"box-square box-big\"><div class=\"box-dummy\"><\/div><span class=\"box-inner\"><a href=\"https:\/\/www.tierarztschwyz.ch\/wp\/wp-content\/uploads\/2014\/08\/edith_schnueriger-schilter.jpg\" target=\"_self\" class=\"magnific\"><img decoding=\"async\" alt=\"\" src=\"https:\/\/www.tierarztschwyz.ch\/wp\/wp-content\/uploads\/2014\/08\/edith_schnueriger-schilter.jpg\"\/><\/a><\/span><\/div><\/div><\/div><\/div><\/div><\/section><section  class=\"section swatch-light section-tiny \" ><div class=\"background-media\"><\/div><div class=\"background-overlay\" style=\"background-color:rgba(0,0,0,0)\"><\/div><div class=\"container\"><div class=\"row vertical-top\"><div class=\"col-md-9  text-default\" ><h1>Nadia Annen-Fassbind<\/h1>\n<h2>med. vet.<\/h2>\n<table style=\"width: 100%;\" border=\"0\" cellpadding=\"0\">\n<tbody>\n<tr>\n<td width=\"15%\">2000-2006<\/td>\n<td width=\"85%\">Matura am Gymnasium Immensee<\/td>\n<\/tr>\n<tr>\n<td style=\"vertical-align: top;\">2006-2013<\/td>\n<td style=\"vertical-align: top;\">Studium der Veterin\u00e4rmedizin in Z\u00fcrich<\/td>\n<\/tr>\n<tr>\n<td style=\"vertical-align: top;\">2013-2014<\/td>\n<td style=\"vertical-align: top;\">Bisig Tier\u00e4rzt AG, Kaltbrunn SG<\/td>\n<\/tr>\n<tr>\n<td style=\"vertical-align: top;\">Seit 2015<\/td>\n<td style=\"vertical-align: top;\">Tier\u00e4rztliche Praxis Schwyz AG, Dres. Ch. und S. Abgottspon, Schwyz<\/td>\n<\/tr>\n<\/tbody>\n<\/table>\n<\/div><div class=\"col-md-3  text-default\" ><div class=\"box-wrap alignleft\" data-animation=\"none\"><div class=\"box-square box-big\"><div class=\"box-dummy\"><\/div><span class=\"box-inner\"><a href=\"https:\/\/www.tierarztschwyz.ch\/wp\/wp-content\/uploads\/2018\/10\/Nadia.jpg\" target=\"_self\" class=\"magnific\"><img decoding=\"async\" alt=\"\" src=\"https:\/\/www.tierarztschwyz.ch\/wp\/wp-content\/uploads\/2018\/10\/Nadia-600x600.jpg\"\/><\/a><\/span><\/div><\/div><\/div><\/div><\/div><\/section><section  class=\"section swatch-light section-tiny \" ><div class=\"background-media\"><\/div><div class=\"background-overlay\" style=\"background-color:rgba(0,0,0,0)\"><\/div><div class=\"container\"><div class=\"row vertical-top\"><div class=\"col-md-9  text-Default\" ><h1>Olivier Nussbaum<\/h1>\n<h2>med. vet.<\/h2>\n<table style=\"width: 100%;\" border=\"0\" cellpadding=\"0\">\n<tbody>\n<tr>\n<td width=\"15%\">2005-2009<\/td>\n<td width=\"85%\">Matura am Gymnasium Immensee<\/td>\n<\/tr>\n<tr>\n<td style=\"vertical-align: top;\">2010-2015<\/td>\n<td style=\"vertical-align: top;\">Studium der Veterin\u00e4rmedizin in Z\u00fcrich<\/td>\n<\/tr>\n<tr>\n<td style=\"vertical-align: top;\">2015-2016<\/td>\n<td style=\"vertical-align: top;\">Praktikum und Amtstierarztausbildung beim Veterin\u00e4ramt der Urkantone<\/td>\n<\/tr>\n<tr>\n<td style=\"vertical-align: top;\">Seit 2016<\/td>\n<td style=\"vertical-align: top;\">Tier\u00e4rztliche Praxis Schwyz AG, Dres. Ch. und S. Abgottspon, Schwyz<\/td>\n<\/tr>\n<\/tbody>\n<\/table>\n<\/div><div class=\"col-md-3  text-default\" ><div class=\"box-wrap alignleft\" data-animation=\"none\"><div class=\"box-square box-big\"><div class=\"box-dummy\"><\/div><span class=\"box-inner\"><a href=\"https:\/\/www.tierarztschwyz.ch\/wp\/wp-content\/uploads\/2015\/08\/OHP.jpg\" target=\"_self\" class=\"magnific\"><img decoding=\"async\" alt=\"\" src=\"https:\/\/www.tierarztschwyz.ch\/wp\/wp-content\/uploads\/2015\/08\/OHP-600x600.jpg\"\/><\/a><\/span><\/div><\/div><\/div><\/div><\/div><\/section><section  class=\"section swatch-light section-tiny \" ><div class=\"background-media\"><\/div><div class=\"background-overlay\" style=\"background-color:rgba(0,0,0,0)\"><\/div><div class=\"container\"><div class=\"row vertical-top\"><div class=\"col-md-9  text-Default\" ><h1>Katja Virchow<\/h1>\n<h2>Dr. med. vet.<\/h2>\n<table style=\"width: 100%;\" border=\"0\" cellpadding=\"0\">\n<tbody>\n<tr>\n<td width=\"15%\">1995-1999<\/td>\n<td width=\"85%\">Gymnasium Interlaken, Typus E Wirtschaftswissenschaften<\/td>\n<\/tr>\n<tr>\n<td style=\"vertical-align: top;\">1999 -2004<\/td>\n<td style=\"vertical-align: top;\">Studium der Veterin\u00e4rmedizin an der Universit\u00e4t Bern, Schwerpunkt Nutztiere<\/td>\n<\/tr>\n<tr>\n<td style=\"vertical-align: top;\">2004-2005<\/td>\n<td style=\"vertical-align: top;\">Dissertation an der Universit\u00e4t Bern, Abteilung Tierphysiologie und Tierern\u00e4hrung, Agroscope Posieux<\/td>\n<\/tr>\n<tr>\n<td style=\"vertical-align: top;\">2005-2007<\/td>\n<td style=\"vertical-align: top;\">Nutztierpraxis Dr. med. vet. Hansrudolf Felber, Rheinfelden AG<\/td>\n<\/tr>\n<tr>\n<td style=\"vertical-align: top;\">2007-2010<\/td>\n<td style=\"vertical-align: top;\">Gemischtpraxis Dr. med. vet. Markus Duss, Escholzmatt LU<\/td>\n<\/tr>\n<tr>\n<td style=\"vertical-align: top;\">2010-2011<\/td>\n<td style=\"vertical-align: top;\">Nutztierpraxis Dr. med. vet. Hansrudolf Felber, Rheinfelden AG<\/td>\n<\/tr>\n<tr>\n<td style=\"vertical-align: top;\">2011<\/td>\n<td style=\"vertical-align: top;\">Nutztierpraxis\u00c2\u00a0Dr. med. vet. Thomas Hummel, Wiedlisbach BE<\/td>\n<\/tr>\n<tr>\n<td style=\"vertical-align: top;\">2011-2012<\/td>\n<td style=\"vertical-align: top;\">Gemischtpraxis Tierarztpraxis Stadthof Dres. med. vet. Thomas Hummel und Christoph Kiefer, Wangen an der Aare BE<\/td>\n<\/tr>\n<tr>\n<td style=\"vertical-align: top;\">2012-2015<\/td>\n<td style=\"vertical-align: top;\">Gemischtpraxis Clinica Alpina, Schwerpunkt Kleintiere, Dr. med. vet. Men Bischoff, Scuol GR<\/td>\n<\/tr>\n<tr>\n<td style=\"vertical-align: top;\">Seit 2016<\/td>\n<td style=\"vertical-align: top;\">Tier\u00e4rztliche Praxis Schwyz AG, Dres. Ch. und S. Abgottspon, Schwyz<\/td>\n<\/tr>\n<\/tbody>\n<\/table>\n<\/div><div class=\"col-md-3  text-default\" ><div class=\"box-wrap alignleft\" data-animation=\"none\"><div class=\"box-square box-big\"><div class=\"box-dummy\"><\/div><span class=\"box-inner\"><a href=\"https:\/\/www.tierarztschwyz.ch\/wp\/wp-content\/uploads\/2015\/08\/1Katja-Foto.jpg\" target=\"_self\" class=\"magnific\"><img decoding=\"async\" alt=\"\" src=\"https:\/\/www.tierarztschwyz.ch\/wp\/wp-content\/uploads\/2015\/08\/1Katja-Foto.jpg\"\/><\/a><\/span><\/div><\/div><\/div><\/div><\/div><\/section><section  class=\"section swatch-light section-tiny \" ><div class=\"background-media\"><\/div><div class=\"background-overlay\" style=\"background-color:rgba(0,0,0,0)\"><\/div><div class=\"container\"><div class=\"row vertical-top\"><div class=\"col-md-9  text-Default\" ><h1>Lukas K\u00fcffer<\/h1>\n<h2>med. vet.<\/h2>\n<table style=\"width: 697px; height: 106px;\" border=\"0\" cellpadding=\"0\">\n<tbody>\n<tr>\n<td width=\"15%\">2000-2006<\/td>\n<td width=\"85%\">Matura an der Kantonsschule Reussb\u00fchl<\/td>\n<\/tr>\n<tr>\n<td style=\"vertical-align: top;\">2007-2013<\/td>\n<td style=\"vertical-align: top;\">Studium der Veterin\u00e4rmedizin an der Universit\u00e4t Bern, Schwerpunkt Nutztiere<\/td>\n<\/tr>\n<tr>\n<td style=\"vertical-align: top;\">2014-2018<\/td>\n<td style=\"vertical-align: top;\">Vetteam, Hergiswil-Willisau-Zell<\/td>\n<\/tr>\n<tr>\n<td style=\"vertical-align: top;\">Seit 2018<\/td>\n<td style=\"vertical-align: top;\">Tier\u00e4rztliche Praxis Schwyz AG, Dres. Ch. und S. Abgottspon, Schwyz<\/td>\n<\/tr>\n<\/tbody>\n<\/table>\n<\/div><div class=\"col-md-3  text-default\" ><div class=\"box-wrap alignleft\" data-animation=\"none\"><div class=\"box-square box-big\"><div class=\"box-dummy\"><\/div><span class=\"box-inner\"><a href=\"https:\/\/www.tierarztschwyz.ch\/wp\/wp-content\/uploads\/2015\/08\/1Lukas.jpg\" target=\"_self\" class=\"magnific\"><img decoding=\"async\" alt=\"\" src=\"https:\/\/www.tierarztschwyz.ch\/wp\/wp-content\/uploads\/2015\/08\/1Lukas.jpg\"\/><\/a><\/span><\/div><\/div><\/div><\/div><\/div><\/section><section  class=\"section swatch-light section-tiny \" ><div class=\"background-media\"><\/div><div class=\"background-overlay\" style=\"background-color:rgba(0,0,0,0)\"><\/div><div class=\"container\"><div class=\"row vertical-top\"><div class=\"col-md-9  text-Default\" ><h1>Julia Honegger<\/h1>\n<h2>Dr. med. vet.<\/h2>\n<table style=\"width: 697px; height: 106px;\" border=\"0\" cellpadding=\"0\">\n<tbody>\n<tr>\n<td style=\"text-align: justify;\" width=\"15%\">2005-2009<\/td>\n<td width=\"85%\">\u00c2\u00a0Matura an der Kantonsschule Ausserschwyz<\/td>\n<\/tr>\n<tr>\n<td style=\"vertical-align: top; text-align: justify;\">2009-2015<\/td>\n<td style=\"vertical-align: top;\">\u00c2\u00a0Studium der Veterin\u00e4rmedizin an der Universit\u00e4t Z\u00fcrich, Schwerpunkt Nutztiere<\/td>\n<\/tr>\n<tr>\n<td style=\"vertical-align: top; text-align: justify;\">2016-2018<\/td>\n<td style=\"vertical-align: top;\">\u00c2\u00a0Assistentin und Doktorandin am Tierspital Z\u00fcrich, Abteilung Schweinemedizin<\/td>\n<\/tr>\n<tr>\n<td style=\"vertical-align: top; text-align: justify;\">2018-2022<\/td>\n<td style=\"vertical-align: top;\">Swissvets AG, Einsiedeln<\/td>\n<\/tr>\n<tr>\n<td style=\"vertical-align: top; text-align: justify;\">Seit 2022<\/td>\n<td style=\"vertical-align: top;\">Tier\u00e4rztliche Praxis Schwyz AG, Dres. Ch. und S. Abgottspon, Schwyz<\/td>\n<\/tr>\n<\/tbody>\n<\/table>\n<\/div><div class=\"col-md-3  text-default\" ><div class=\"box-wrap alignleft\" data-animation=\"none\"><div class=\"box-square box-big\"><div class=\"box-dummy\"><\/div><span class=\"box-inner\"><a href=\"https:\/\/www.tierarztschwyz.ch\/wp\/wp-content\/uploads\/2023\/02\/Julia-HP2.jpg\" target=\"_self\" class=\"magnific\"><img decoding=\"async\" alt=\"\" src=\"https:\/\/www.tierarztschwyz.ch\/wp\/wp-content\/uploads\/2023\/02\/Julia-HP2.jpg\"\/><\/a><\/span><\/div><\/div><\/div><\/div><\/div><\/section><section  class=\"section swatch-light section-tiny \" ><div class=\"background-media\"><\/div><div class=\"background-overlay\" style=\"background-color:rgba(0,0,0,0)\"><\/div><div class=\"container\"><div class=\"row vertical-top\"><div class=\"col-md-9  text-default\" ><h1>Tamara Betschart-Grab<\/h1>\n<h2>Tiermed. Praxisassistentin<\/h2>\n<table style=\"width: 100%;\" border=\"0\" cellpadding=\"0\">\n<tbody>\n<tr>\n<td style=\"vertical-align: top;\" width=\"15%\">2004-2007<\/td>\n<td style=\"vertical-align: top;\" width=\"85%\">Lehre als Tiermedizinische Praxisassistentin bei Dres. Ch. &amp; S. Abgottspon, Schwyz<\/td>\n<\/tr>\n<tr>\n<td style=\"vertical-align: top;\">Seit 2007<\/td>\n<td style=\"vertical-align: top;\">Tiermedizinische Praxisassistentin Tier\u00e4rztliche Praxis Schwyz AG, Dres. Ch. und S. Abgottspon, Schwyz<\/td>\n<\/tr>\n<tr>\n<td style=\"vertical-align: top;\">2007-2008<\/td>\n<td style=\"vertical-align: top;\">Studium Tierpsychologie an der Akademie f\u00fc Tiernaturheilkunde mit Abschluss Tierpsychologie Hund<\/td>\n<\/tr>\n<tr>\n<td style=\"vertical-align: top;\">2008<\/td>\n<td style=\"vertical-align: top;\">Er\u00f6ffnung einer\u00c2 eigenen Hundeschule <a href=\"http:\/\/www.hundeschuletamaragrab.ch\">www.hundeschuletamaragrab.ch<\/a><\/td>\n<\/tr>\n<tr>\n<td style=\"vertical-align: top;\">2009-2010<\/td>\n<td style=\"vertical-align: top;\">Ausbildung zur Hundetrainerin ATN<\/td>\n<\/tr>\n<tr>\n<td style=\"vertical-align: top;\">Seit 2009<\/td>\n<td style=\"vertical-align: top;\">Mithilfe in der Welpenspielgruppe in Ibach bei Remo Indebritzin als Junghundetrainerin<\/td>\n<\/tr>\n<tr>\n<td style=\"vertical-align: top;\">2010<\/td>\n<td style=\"vertical-align: top;\">Ausbildung als Welpenspielgruppenleiterin bei Dina Berlowitz und Heinz Weidt mit Abschluss als Welpenspielgruppenleiterin<\/td>\n<\/tr>\n<\/tbody>\n<\/table>\n<\/div><div class=\"col-md-3  text-default\" ><div class=\"box-wrap alignleft\" data-animation=\"none\"><div class=\"box-square box-big\"><div class=\"box-dummy\"><\/div><span class=\"box-inner\"><a href=\"https:\/\/www.tierarztschwyz.ch\/wp\/wp-content\/uploads\/2014\/08\/tamara_betschart-grab.jpg\" target=\"_self\" class=\"magnific\"><img decoding=\"async\" alt=\"\" src=\"https:\/\/www.tierarztschwyz.ch\/wp\/wp-content\/uploads\/2014\/08\/tamara_betschart-grab.jpg\"\/><\/a><\/span><\/div><\/div><\/div><\/div><\/div><\/section><section  class=\"section swatch-light section-tiny \" ><div class=\"background-media\"><\/div><div class=\"background-overlay\" style=\"background-color:rgba(0,0,0,0)\"><\/div><div class=\"container\"><div class=\"row vertical-top\"><div class=\"col-md-9  text-default\" ><h1>Noemi Zehnder<\/h1>\n<h2>Tiermed. Praxisassistentin<\/h2>\n<table style=\"width: 100%;\" border=\"0\" cellpadding=\"0\">\n<tbody>\n<tr>\n<td style=\"vertical-align: top;\" width=\"15%\">2009-2012<\/td>\n<td style=\"vertical-align: top;\" width=\"85%\">Lehre als Tiermedizinische Praxisassistentin bei Dres. Ch. &amp; S. Abgottspon, Schwyz<\/td>\n<\/tr>\n<tr>\n<td style=\"vertical-align: top;\">2012-2015<\/td>\n<td style=\"vertical-align: top;\">Tiermedizinische Praxisassistentin in der Kleintierpraxis Huobmatt in Meggen<\/td>\n<\/tr>\n<tr>\n<td style=\"vertical-align: top;\">Seit 2016<\/td>\n<td style=\"vertical-align: top;\">Tiermedizinische Praxisassistentin Tier\u00e4rztliche Praxis Schwyz AG, Dres. Ch. und S. Abgottspon, Schwyz<\/td>\n<\/tr>\n<\/tbody>\n<\/table>\n<\/div><div class=\"col-md-3  text-default\" ><div class=\"box-wrap alignleft\" data-animation=\"none\"><div class=\"box-square box-big\"><div class=\"box-dummy\"><\/div><span class=\"box-inner\"><a href=\"https:\/\/www.tierarztschwyz.ch\/wp\/wp-content\/uploads\/2015\/08\/Noemi-HP.jpg\" target=\"_self\" class=\"magnific\"><img decoding=\"async\" alt=\"\" src=\"https:\/\/www.tierarztschwyz.ch\/wp\/wp-content\/uploads\/2015\/08\/Noemi-HP.jpg\"\/><\/a><\/span><\/div><\/div><\/div><\/div><\/div><\/section><section  class=\"section swatch-light section-tiny \" ><div class=\"background-media\"><\/div><div class=\"background-overlay\" style=\"background-color:rgba(0,0,0,0)\"><\/div><div class=\"container\"><div class=\"row vertical-top\"><div class=\"col-md-9  text-default\" ><h1>Michaela Imhof<\/h1>\n<h2>Tiermed. Praxisassistentin<\/h2>\n<table style=\"width: 100%;\" border=\"0\" cellpadding=\"0\">\n<tbody>\n<tr>\n<td style=\"vertical-align: top;\" width=\"15%\">2014-2017<\/td>\n<td style=\"vertical-align: top;\" width=\"85%\">Ausbildung zur Landwirtin EFZ<\/td>\n<\/tr>\n<tr>\n<td style=\"vertical-align: top;\">2017-2020<\/td>\n<td style=\"vertical-align: top;\">Lehre als Tiermedizinische Praxisassistentin bei Dres. Chr. &amp; S. Abgottspon, Schwyz<\/td>\n<\/tr>\n<tr>\n<td style=\"vertical-align: top;\">Seit 2020<\/td>\n<td style=\"vertical-align: top;\">Tiermedizinische Praxisassistentin Tier\u00e4rztliche Praxis Schwyz AG, Dres. Ch. und S. Abgottspon, Schwyz<\/td>\n<\/tr>\n<\/tbody>\n<\/table>\n<\/div><div class=\"col-md-3  text-default\" ><div class=\"box-wrap alignleft\" data-animation=\"none\"><div class=\"box-square box-big\"><div class=\"box-dummy\"><\/div><span class=\"box-inner\"><a href=\"https:\/\/www.tierarztschwyz.ch\/wp\/wp-content\/uploads\/2015\/08\/Michaela-HP1.jpg\" target=\"_self\" class=\"magnific\"><img decoding=\"async\" alt=\"\" src=\"https:\/\/www.tierarztschwyz.ch\/wp\/wp-content\/uploads\/2015\/08\/Michaela-HP1.jpg\"\/><\/a><\/span><\/div><\/div><\/div><\/div><\/div><\/section><section  class=\"section swatch-light section-tiny \" ><div class=\"background-media\"><\/div><div class=\"background-overlay\" style=\"background-color:rgba(0,0,0,0)\"><\/div><div class=\"container\"><div class=\"row vertical-top\"><div class=\"col-md-9  text-default\" ><h1>Karin Inderbitzin<\/h1>\n<h2>Tiermed. Praxisassistentin<\/h2>\n<table style=\"width: 100%;\" border=\"0\" cellpadding=\"0\">\n<tbody>\n<tr>\n<td style=\"vertical-align: top;\" width=\"15%\">2006-2009<\/td>\n<td style=\"vertical-align: top;\" width=\"85%\">Lehre als Tiermedizinische Praxisassistentin bei Winzap Tier\u00e4rzte, Brunnen<\/td>\n<\/tr>\n<tr>\n<td style=\"vertical-align: top;\">2009-2010<\/td>\n<td style=\"vertical-align: top;\">Tiermedizinische Praxisassistentin bei Winzap Tier\u00e4rzte, Brunnen<\/td>\n<\/tr>\n<tr>\n<td style=\"vertical-align: top;\">2011-2012<\/td>\n<td style=\"vertical-align: top;\">Tiermedizinische Praxisassistentin in der Ennetseeklinik, H\u00fcnenberg<\/td>\n<\/tr>\n<tr>\n<td style=\"vertical-align: top;\">2012-2021<\/td>\n<td style=\"vertical-align: top;\">Tiermedizinische Praxisassistentin bei Winzap Tier\u00e4rzte, Brunnen<\/td>\n<\/tr>\n<tr>\n<td style=\"vertical-align: top;\">Seit 2021<\/td>\n<td style=\"vertical-align: top;\">Tiermedizinische Praxisassistentin Tier\u00e4rztliche Praxis Schwyz AG, Dres. Ch. und S. Abgottspon, Schwyz<\/td>\n<\/tr>\n<\/tbody>\n<\/table>\n<\/div><div class=\"col-md-3  text-default\" ><div class=\"box-wrap alignleft\" data-animation=\"none\"><div class=\"box-square box-big\"><div class=\"box-dummy\"><\/div><span class=\"box-inner\"><a href=\"https:\/\/www.tierarztschwyz.ch\/wp\/wp-content\/uploads\/2015\/08\/Karin5-e1627607361488.jpg\" target=\"_self\" class=\"magnific\"><img decoding=\"async\" alt=\"\" src=\"https:\/\/www.tierarztschwyz.ch\/wp\/wp-content\/uploads\/2015\/08\/Karin5-600x600.jpg\"\/><\/a><\/span><\/div><\/div><\/div><\/div><\/div><\/section><section  class=\"section swatch-light section-tiny \" ><div class=\"background-media\"><\/div><div class=\"background-overlay\" style=\"background-color:rgba(0,0,0,0)\"><\/div><div class=\"container\"><div class=\"row vertical-top\"><div class=\"col-md-9  text-default\" ><h1>Alina Auf der Maur<\/h1>\n<h2>Tiermed. Praxisassistentin<\/h2>\n<table style=\"width: 100%;\" border=\"0\" cellpadding=\"0\">\n<tbody>\n<tr>\n<td style=\"vertical-align: top;\" width=\"15%\">2014-2017<\/td>\n<td style=\"vertical-align: top;\" width=\"85%\">Ausbildung zur Detailhandelsfachfrau<\/td>\n<\/tr>\n<tr>\n<td style=\"vertical-align: top;\">2017-2018<\/td>\n<td style=\"vertical-align: top;\">Filialleiterin im Denner Satellit Seewen<\/td>\n<\/tr>\n<tr>\n<td style=\"vertical-align: top;\">2018-2019<\/td>\n<td style=\"vertical-align: top;\">Saisonstelle Andermatt, Gastronomie<\/td>\n<\/tr>\n<tr>\n<td style=\"vertical-align: top;\">2019-2022<\/td>\n<td style=\"vertical-align: top;\">Lehre als Tiermedizinische Praxisassistentin bei Dres. Ch. &amp; S. Abgottspon, Schwyz<\/td>\n<\/tr>\n<tr>\n<td style=\"vertical-align: top;\">Seit 2022<\/td>\n<td style=\"vertical-align: top;\">Tiermedizinische Praxisassistentin Tier\u00e4rztliche Praxis Schwyz AG, Dres. Ch. und S. Abgottspon, Schwyz<\/td>\n<\/tr>\n<\/tbody>\n<\/table>\n<\/div><div class=\"col-md-3  text-default\" ><div class=\"box-wrap alignleft\" data-animation=\"none\"><div class=\"box-square box-big\"><div class=\"box-dummy\"><\/div><span class=\"box-inner\"><a href=\"https:\/\/www.tierarztschwyz.ch\/wp\/wp-content\/uploads\/2015\/08\/Alina31-e1627607608716.jpg\" target=\"_self\" class=\"magnific\"><img decoding=\"async\" alt=\"\" src=\"https:\/\/www.tierarztschwyz.ch\/wp\/wp-content\/uploads\/2015\/08\/Alina31-e1627607608716.jpg\"\/><\/a><\/span><\/div><\/div><\/div><\/div><\/div><\/section><section  class=\"section swatch-light section-tiny \" ><div class=\"background-media\"><\/div><div class=\"background-overlay\" style=\"background-color:rgba(0,0,0,0)\"><\/div><div class=\"container\"><div class=\"row vertical-top\"><div class=\"col-md-9  text-default\" ><h1>Adriana L\u00fc\u00f6nd<\/h1>\n<h2>Tiermed. Praxisassistentin<\/h2>\n<table style=\"width: 702px; height: 33px;\" border=\"0\" cellpadding=\"0\">\n<tbody>\n<tr>\n<td style=\"vertical-align: top;\" width=\"15%\">2020-2023<\/td>\n<td style=\"vertical-align: top;\" width=\"85%\">Lehre als Tiermedizinische Praxisassistentin bei Dres. Ch. &amp; S. Abgottspon, Schwyz<\/td>\n<\/tr>\n<tr>\n<td style=\"vertical-align: top;\" width=\"15%\">Seit 2023<\/td>\n<td style=\"vertical-align: top;\" width=\"85%\">Tiermedizinische Praxisassistentin Tier\u00e4rztliche Praxis Schwyz AG, Dres. Ch. und S. Abgottspon, Schwyz<\/td>\n<\/tr>\n<\/tbody>\n<\/table>\n<\/div><div class=\"col-md-3  text-default\" ><div class=\"box-wrap alignleft\" data-animation=\"none\"><div class=\"box-square box-big\"><div class=\"box-dummy\"><\/div><span class=\"box-inner\"><a href=\"https:\/\/www.tierarztschwyz.ch\/wp\/wp-content\/uploads\/2015\/08\/Adriana-3-e1627607520253.jpg\" target=\"_self\" class=\"magnific\"><img decoding=\"async\" alt=\"\" src=\"https:\/\/www.tierarztschwyz.ch\/wp\/wp-content\/uploads\/2015\/08\/Adriana-3-600x600.jpg\"\/><\/a><\/span><\/div><\/div><\/div><\/div><\/div><\/section><section  class=\"section swatch-light section-tiny \" ><div class=\"background-media\"><\/div><div class=\"background-overlay\" style=\"background-color:rgba(0,0,0,0)\"><\/div><div class=\"container\"><div class=\"row vertical-top\"><div class=\"col-md-9  text-default\" ><h1>Sonja F\u00e4ssler<\/h1>\n<h2>Tiermed. Praxisassistentin in Ausbildung<\/h2>\n<table style=\"width: 702px; height: 33px;\" border=\"0\" cellpadding=\"0\">\n<tbody>\n<tr>\n<td style=\"vertical-align: top;\" width=\"15%\">Seit 2023<\/td>\n<td style=\"vertical-align: top;\" width=\"85%\">Lehre als Tiermedizinische Praxisassistentin Tier\u00e4rztliche Praxis Schwyz AG, Dres. Ch. und S. Abgottspon, Schwyz<\/td>\n<\/tr>\n<\/tbody>\n<\/table>\n<\/div><div class=\"col-md-3  text-default\" ><div class=\"box-wrap alignleft\" data-animation=\"none\"><div class=\"box-square box-big\"><div class=\"box-dummy\"><\/div><span class=\"box-inner\"><a href=\"https:\/\/www.tierarztschwyz.ch\/wp\/wp-content\/uploads\/2023\/09\/Sonja-e1695896820896.jpg\" target=\"_self\" class=\"magnific\"><img decoding=\"async\" alt=\"\" src=\"https:\/\/www.tierarztschwyz.ch\/wp\/wp-content\/uploads\/2023\/09\/Sonja-e1695896820896.jpg\"\/><\/a><\/span><\/div><\/div><\/div><\/div><\/div><\/section><section  class=\"section swatch-light section-tiny \" ><div class=\"background-media\"><\/div><div class=\"background-overlay\" style=\"background-color:rgba(0,0,0,0)\"><\/div><div class=\"container\"><div class=\"row vertical-top\"><div class=\"col-md-9  text-default\" ><h1>Natalie Fuchs<\/h1>\n<h2>Tiermed. Praxisassistentin in Ausbildung<\/h2>\n<table style=\"width: 702px; height: 33px;\" border=\"0\" cellpadding=\"0\">\n<tbody>\n<tr>\n<td style=\"vertical-align: top;\" width=\"15%\">Seit 2024<\/td>\n<td style=\"vertical-align: top;\" width=\"85%\">Lehre als Tiermedizinische Praxisassistentin Tier\u00e4rztliche Praxis Schwyz AG, Dres. Ch. und S. Abgottspon, Schwyz<\/td>\n<\/tr>\n<\/tbody>\n<\/table>\n<\/div><div class=\"col-md-3  text-default\" ><div class=\"box-wrap alignleft\" data-animation=\"none\"><div class=\"box-square box-big\"><div class=\"box-dummy\"><\/div><span class=\"box-inner\"><a href=\"https:\/\/www.tierarztschwyz.ch\/wp\/wp-content\/uploads\/2024\/09\/bild-natalie2.jpg\" target=\"_self\" class=\"magnific\"><img decoding=\"async\" alt=\"\" src=\"https:\/\/www.tierarztschwyz.ch\/wp\/wp-content\/uploads\/2024\/09\/bild-natalie2-600x600.jpg\"\/><\/a><\/span><\/div><\/div><\/div><\/div><\/div><\/section><section  class=\"section swatch-light section-tiny \" ><div class=\"background-media\"><\/div><div class=\"background-overlay\" style=\"background-color:rgba(0,0,0,0)\"><\/div><div class=\"container\"><\/div><\/section><div class=\"col-md-9  text-default\" ><\/div>\n<p>&nbsp;<\/p>\n","protected":false},"excerpt":{"rendered":"<p>&nbsp;<\/p>\n","protected":false},"author":6,"featured_media":0,"parent":0,"menu_order":0,"comment_status":"closed","ping_status":"closed","template":"","meta":{"footnotes":""},"class_list":["post-6609","page","type-page","status-publish","hentry"],"publishpress_future_action":{"enabled":false,"date":"2026-05-10 15:25:06","action":"change-status","newStatus":"draft","terms":[],"taxonomy":"","extraData":[]},"publishpress_future_workflow_manual_trigger":{"enabledWorkflows":[]},"_links":{"self":[{"href":"https:\/\/www.tierarztschwyz.ch\/index.php?rest_route=\/wp\/v2\/pages\/6609","targetHints":{"allow":["GET"]}}],"collection":[{"href":"https:\/\/www.tierarztschwyz.ch\/index.php?rest_route=\/wp\/v2\/pages"}],"about":[{"href":"https:\/\/www.tierarztschwyz.ch\/index.php?rest_route=\/wp\/v2\/types\/page"}],"author":[{"embeddable":true,"href":"https:\/\/www.tierarztschwyz.ch\/index.php?rest_route=\/wp\/v2\/users\/6"}],"replies":[{"embeddable":true,"href":"https:\/\/www.tierarztschwyz.ch\/index.php?rest_route=%2Fwp%2Fv2%2Fcomments&post=6609"}],"version-history":[{"count":99,"href":"https:\/\/www.tierarztschwyz.ch\/index.php?rest_route=\/wp\/v2\/pages\/6609\/revisions"}],"predecessor-version":[{"id":7243,"href":"https:\/\/www.tierarztschwyz.ch\/index.php?rest_route=\/wp\/v2\/pages\/6609\/revisions\/7243"}],"wp:attachment":[{"href":"https:\/\/www.tierarztschwyz.ch\/index.php?rest_route=%2Fwp%2Fv2%2Fmedia&parent=6609"}],"curies":[{"name":"wp","href":"https:\/\/api.w.org\/{rel}","templated":true}]}}