{"id":4407,"date":"2014-05-23T17:14:03","date_gmt":"2014-05-23T15:14:03","guid":{"rendered":"http:\/\/web361.114.hosttech.eu\/?page_id=4407"},"modified":"2014-12-17T14:46:54","modified_gmt":"2014-12-17T12:46:54","slug":"kleintiere","status":"publish","type":"page","link":"https:\/\/www.tierarztschwyz.ch\/?page_id=4407","title":{"rendered":"Kleintiere"},"content":{"rendered":"<section  class=\"section swatch-decoration section-nopadding has-bottom \" ><div class=\"background-media\"><\/div><div class=\"background-overlay\" style=\"background-color:rgba(0,0,0,0)\"><\/div><div class=\"container\"><div class=\"row vertical-top\"><div class=\"col-md-12  text-default\" ><\/div><\/div><\/div><div class=\"decor-bottom\"><svg class=\"decor\" height=\"100%\" preserveaspectratio=\"none\" version=\"1.1\" viewbox=\"0 0 100 100\" width=\"100%\" xmlns=\"http:\/\/www.w3.org\/2000\/svg\">\n  <path d=\"M0 0 L100 0 L100 100\" stroke-width=\"0\"><\/path>\n<\/svg>\n<\/div><\/section><section  class=\"section swatch-light section-short \" ><div class=\"background-media\"><\/div><div class=\"background-overlay\" style=\"background-color:rgba(0,0,0,0)\"><\/div><div class=\"container\"><header class=\"section-header text-center underline\"><h1 class=\"headline super hairline\">Kleintiere<\/h1><p>Wertvolle Informationen und Tipps zum Thema Tier und Gesundheit<\/p><\/header><div class=\"row vertical-top\"><div class=\"col-md-12  text-default\" ><ul class=\"isotope-filters small-screen-center\">\n    <li>\n        <a class=\"pseudo-border active\" data-filter=\"*\" href=\"#\">\n            all        <\/a>\n    <\/li>        <li>\n            <a class=\"pseudo-border\" data-filter=\".filter-allgemein\" href=\"#\">Allgemein            <\/a>\n        <\/li>        <li>\n            <a class=\"pseudo-border\" data-filter=\".filter-heimtiere\" href=\"#\">Heimtiere            <\/a>\n        <\/li>        <li>\n            <a class=\"pseudo-border\" data-filter=\".filter-hunde\" href=\"#\">Hunde            <\/a>\n        <\/li>        <li>\n            <a class=\"pseudo-border\" data-filter=\".filter-katzen\" href=\"#\">Katzen            <\/a>\n        <\/li><\/ul>\n<div class=\"row\">\n    <div class=\"list-unstyled isotope no-transition isotope-infinite\">        <div class=\"post-item infinite-item col-md-6 filter-allgemein filter-news\">\n            <div class=\"grid-post swatch-light\">\n<article id=\"post-7298\" class=\"post-showinfo  post-7298 post type-post status-publish format-standard hentry category-allgemein category-news\">\n    <div class=\"post-media overlay\">\n            <\/div>\n    <div class=\"post-head small-screen-center\">\n        <h2 class=\"post-title entry-title\">\n            <a href=\"https:\/\/www.tierarztschwyz.ch\/?p=7298\" title=\"Permalink to Neue Lehrtochter\" rel=\"bookmark\">\n                Neue Lehrtochter            <\/a>\n        <\/h2>\n        <small class=\"post-author\">\n            <a href=\"https:\/\/www.tierarztschwyz.ch\/?author=1\">\n                admin            <\/a>\n        <\/small>\n        <small class=\"post-date\">\n            26. September 2024        <\/small>        <div class=\"post-icon\">\n            <div class=\"hex hex-big\">\n                <i class=\"fa fa-file-text\"><\/i>            <\/div>\n        <\/div>    <\/div>\n    <div class=\"post-body entry-content\">\n                <p><a href=\"https:\/\/www.tierarztschwyz.ch\/wp\/wp-content\/uploads\/2024\/09\/bild-natalie2.jpg\"><img loading=\"lazy\" decoding=\"async\" class=\"wp-image-7142 size-full alignleft\" src=\"https:\/\/www.tierarztschwyz.ch\/wp\/wp-content\/uploads\/2024\/09\/bild-natalie2.jpg\" alt=\"\" width=\"1086\" height=\"1090\" srcset=\"https:\/\/www.tierarztschwyz.ch\/wp\/wp-content\/uploads\/2024\/09\/bild-natalie2.jpg 1086w, https:\/\/www.tierarztschwyz.ch\/wp\/wp-content\/uploads\/2024\/09\/bild-natalie2-100x100.jpg 100w, https:\/\/www.tierarztschwyz.ch\/wp\/wp-content\/uploads\/2024\/09\/bild-natalie2-700x703.jpg 700w, https:\/\/www.tierarztschwyz.ch\/wp\/wp-content\/uploads\/2024\/09\/bild-natalie2-150x150.jpg 150w, https:\/\/www.tierarztschwyz.ch\/wp\/wp-content\/uploads\/2024\/09\/bild-natalie2-300x300.jpg 300w, https:\/\/www.tierarztschwyz.ch\/wp\/wp-content\/uploads\/2024\/09\/bild-natalie2-768x771.jpg 768w, https:\/\/www.tierarztschwyz.ch\/wp\/wp-content\/uploads\/2024\/09\/bild-natalie2-1020x1024.jpg 1020w, https:\/\/www.tierarztschwyz.ch\/wp\/wp-content\/uploads\/2024\/09\/bild-natalie2-90x90.jpg 90w\" sizes=\"auto, (max-width: 1086px) 100vw, 1086px\" \/><\/a><\/p>\n<p>&nbsp;<\/p>\n<p>Am 2. August 2024 hat <strong>Natalie Fuchs aus Willerzell<\/strong> ihre Lehre als Tiermedizinische Praxisassistentin begonnen. Nach dem Abschluss der obligatorischen Schulzeit hat sie ein einj\u00e4hriges Praktikum in der Kleintierklinik Marigin in Feusisberg gemacht.<\/p>\n<p>Wir freuen uns, Natalie die n\u00e4chsten drei Jahre begleiten zu d\u00fcrfen und w\u00fcnschen ihr alles Gute.<\/p>\n<a href=\"https:\/\/www.tierarztschwyz.ch\/?p=7298\" class=\"more-link\">weiterlesen<\/a>    <\/div>\n    <div class=\"post-extras bordered text-center\">\n            <div class=\"text-center\">\n            <span class=\"post-category\">\n                            <\/span>\n            <span class=\"post-tags\">\n                            <\/span>\n            <span class=\"post-link\">\n                            <\/span>\n        <\/div>\n    <\/div>\n<span class=\"hide\"><span class=\"author vcard\"><span class=\"fn\">admin<\/span><\/span><span class=\"entry-title\">Neue Lehrtochter<\/span><time class=\"entry-date updated\" datetime=\"2024-09-26T16:10:05+02:00\">09.26.2024<\/time><\/span><\/article>\n            <\/div>\n        <\/div>        <div class=\"post-item infinite-item col-md-6 filter-allgemein filter-news\">\n            <div class=\"grid-post swatch-light\">\n<article id=\"post-7310\" class=\"post-showinfo  post-7310 post type-post status-publish format-standard hentry category-allgemein category-news\">\n    <div class=\"post-media overlay\">\n            <\/div>\n    <div class=\"post-head small-screen-center\">\n        <h2 class=\"post-title entry-title\">\n            <a href=\"https:\/\/www.tierarztschwyz.ch\/?p=7310\" title=\"Permalink to Neue Lehrtochter\" rel=\"bookmark\">\n                Neue Lehrtochter            <\/a>\n        <\/h2>\n        <small class=\"post-author\">\n            <a href=\"https:\/\/www.tierarztschwyz.ch\/?author=1\">\n                admin            <\/a>\n        <\/small>\n        <small class=\"post-date\">\n            28. August 2023        <\/small>        <div class=\"post-icon\">\n            <div class=\"hex hex-big\">\n                <i class=\"fa fa-file-text\"><\/i>            <\/div>\n        <\/div>    <\/div>\n    <div class=\"post-body entry-content\">\n                <p><a href=\"https:\/\/www.tierarztschwyz.ch\/wp\/wp-content\/uploads\/2023\/09\/Sonja2-e1769441656452.jpg\"><img loading=\"lazy\" decoding=\"async\" class=\"alignleft wp-image-7098 size-full\" src=\"https:\/\/www.tierarztschwyz.ch\/wp\/wp-content\/uploads\/2023\/09\/Sonja2-e1769441656452.jpg\" alt=\"\" width=\"1372\" height=\"1445\" srcset=\"https:\/\/www.tierarztschwyz.ch\/wp\/wp-content\/uploads\/2023\/09\/Sonja2-e1769441656452.jpg 1372w, https:\/\/www.tierarztschwyz.ch\/wp\/wp-content\/uploads\/2023\/09\/Sonja2-e1769441656452-700x737.jpg 700w, https:\/\/www.tierarztschwyz.ch\/wp\/wp-content\/uploads\/2023\/09\/Sonja2-e1769441656452-285x300.jpg 285w, https:\/\/www.tierarztschwyz.ch\/wp\/wp-content\/uploads\/2023\/09\/Sonja2-e1769441656452-972x1024.jpg 972w, https:\/\/www.tierarztschwyz.ch\/wp\/wp-content\/uploads\/2023\/09\/Sonja2-e1769441656452-768x809.jpg 768w\" sizes=\"auto, (max-width: 1372px) 100vw, 1372px\" \/><\/a><\/p>\n<p>&nbsp;<\/p>\n<p>Am 2. August 2023 hat <strong>Sonja F\u00e4ssler aus Arth<\/strong> ihre Lehre als Tiermedizinische Praxisassistentin begonnen.<\/p>\n<p>Wir freuen uns, Sonja die n\u00e4chsten drei Jahre begleiten zu d\u00fcrfen und w\u00fcnschen ihr viel Erfolg und gutes Gelingen.<\/p>\n<a href=\"https:\/\/www.tierarztschwyz.ch\/?p=7310\" class=\"more-link\">weiterlesen<\/a>    <\/div>\n    <div class=\"post-extras bordered text-center\">\n            <div class=\"text-center\">\n            <span class=\"post-category\">\n                            <\/span>\n            <span class=\"post-tags\">\n                            <\/span>\n            <span class=\"post-link\">\n                            <\/span>\n        <\/div>\n    <\/div>\n<span class=\"hide\"><span class=\"author vcard\"><span class=\"fn\">admin<\/span><\/span><span class=\"entry-title\">Neue Lehrtochter<\/span><time class=\"entry-date updated\" datetime=\"2023-08-28T17:39:26+02:00\">08.28.2023<\/time><\/span><\/article>\n            <\/div>\n        <\/div>        <div class=\"post-item infinite-item col-md-6 filter-allgemein filter-news\">\n            <div class=\"grid-post swatch-light\">\n<article id=\"post-7057\" class=\"post-showinfo  post-7057 post type-post status-publish format-standard hentry category-allgemein category-news\">\n    <div class=\"post-media overlay\">\n            <\/div>\n    <div class=\"post-head small-screen-center\">\n        <h2 class=\"post-title entry-title\">\n            <a href=\"https:\/\/www.tierarztschwyz.ch\/?p=7057\" title=\"Permalink to Neue Tiermedizinische Praxisassistentin\" rel=\"bookmark\">\n                Neue Tiermedizinische Praxisassistentin            <\/a>\n        <\/h2>\n        <small class=\"post-author\">\n            <a href=\"https:\/\/www.tierarztschwyz.ch\/?author=6\">\n                tpa            <\/a>\n        <\/small>\n        <small class=\"post-date\">\n            30. Juli 2021        <\/small>        <div class=\"post-icon\">\n            <div class=\"hex hex-big\">\n                <i class=\"fa fa-file-text\"><\/i>            <\/div>\n        <\/div>    <\/div>\n    <div class=\"post-body entry-content\">\n                <p><a href=\"https:\/\/www.tierarztschwyz.ch\/wp\/wp-content\/uploads\/2021\/07\/Karin2.jpg\"><img loading=\"lazy\" decoding=\"async\" class=\"alignleft wp-image-7034 size-full\" src=\"https:\/\/www.tierarztschwyz.ch\/wp\/wp-content\/uploads\/2021\/07\/Karin2.jpg\" alt=\"\" width=\"1489\" height=\"1490\" srcset=\"https:\/\/www.tierarztschwyz.ch\/wp\/wp-content\/uploads\/2021\/07\/Karin2.jpg 1489w, https:\/\/www.tierarztschwyz.ch\/wp\/wp-content\/uploads\/2021\/07\/Karin2-500x500.jpg 500w, https:\/\/www.tierarztschwyz.ch\/wp\/wp-content\/uploads\/2021\/07\/Karin2-100x100.jpg 100w, https:\/\/www.tierarztschwyz.ch\/wp\/wp-content\/uploads\/2021\/07\/Karin2-700x700.jpg 700w, https:\/\/www.tierarztschwyz.ch\/wp\/wp-content\/uploads\/2021\/07\/Karin2-150x150.jpg 150w, https:\/\/www.tierarztschwyz.ch\/wp\/wp-content\/uploads\/2021\/07\/Karin2-300x300.jpg 300w, https:\/\/www.tierarztschwyz.ch\/wp\/wp-content\/uploads\/2021\/07\/Karin2-1024x1024.jpg 1024w, https:\/\/www.tierarztschwyz.ch\/wp\/wp-content\/uploads\/2021\/07\/Karin2-90x90.jpg 90w, https:\/\/www.tierarztschwyz.ch\/wp\/wp-content\/uploads\/2021\/07\/Karin2-600x600.jpg 600w\" sizes=\"auto, (max-width: 1489px) 100vw, 1489px\" \/><\/a><\/p>\n<p>&nbsp;<\/p>\n<p style=\"text-align: left;\">Unser TPA Team hat Verst\u00e4rkung bekommen. Seit Anfang Juli 21 k\u00f6nnen wir auf die Unterst\u00fctzung von <strong>Karin Inderbitzin<\/strong> z\u00e4hlen. Mit ihrer langj\u00e4hrigen Berufserfahrung und ihrer freundlichen und zuvorkommenden Art ist sie eine Bereicherung f\u00fcr unser Team.<\/p>\n<a href=\"https:\/\/www.tierarztschwyz.ch\/?p=7057\" class=\"more-link\">weiterlesen<\/a>    <\/div>\n    <div class=\"post-extras bordered text-center\">\n            <div class=\"text-center\">\n            <span class=\"post-category\">\n                            <\/span>\n            <span class=\"post-tags\">\n                            <\/span>\n            <span class=\"post-link\">\n                            <\/span>\n        <\/div>\n    <\/div>\n<span class=\"hide\"><span class=\"author vcard\"><span class=\"fn\">tpa<\/span><\/span><span class=\"entry-title\">Neue Tiermedizinische Praxisassistentin<\/span><time class=\"entry-date updated\" datetime=\"2021-07-30T02:45:31+02:00\">07.30.2021<\/time><\/span><\/article>\n            <\/div>\n        <\/div>        <div class=\"post-item infinite-item col-md-6 filter-allgemein filter-news\">\n            <div class=\"grid-post swatch-light\">\n<article id=\"post-7014\" class=\"post-showinfo  post-7014 post type-post status-publish format-standard hentry category-allgemein category-news\">\n    <div class=\"post-media overlay\">\n            <\/div>\n    <div class=\"post-head small-screen-center\">\n        <h2 class=\"post-title entry-title\">\n            <a href=\"https:\/\/www.tierarztschwyz.ch\/?p=7014\" title=\"Permalink to Ferienpass\" rel=\"bookmark\">\n                Ferienpass            <\/a>\n        <\/h2>\n        <small class=\"post-author\">\n            <a href=\"https:\/\/www.tierarztschwyz.ch\/?author=6\">\n                tpa            <\/a>\n        <\/small>\n        <small class=\"post-date\">\n            28. Juli 2021        <\/small>        <div class=\"post-icon\">\n            <div class=\"hex hex-big\">\n                <i class=\"fa fa-file-text\"><\/i>            <\/div>\n        <\/div>    <\/div>\n    <div class=\"post-body entry-content\">\n                <div class=\"row\"><div class=\"col-md-4\"><a class=\"thumbnail magnific\" href=\"https:\/\/www.tierarztschwyz.ch\/wp\/wp-content\/uploads\/2021\/07\/PHOTO-2021-07-20-14-38-35.jpg\"><img decoding=\"async\" src=\"https:\/\/www.tierarztschwyz.ch\/wp\/wp-content\/uploads\/2021\/07\/PHOTO-2021-07-20-14-38-35-600x450.jpg\"><\/a><\/div><div class=\"col-md-4\"><a class=\"thumbnail magnific\" href=\"https:\/\/www.tierarztschwyz.ch\/wp\/wp-content\/uploads\/2021\/07\/PHOTO-2021-07-20-14-38-36a.jpg\"><img decoding=\"async\" src=\"https:\/\/www.tierarztschwyz.ch\/wp\/wp-content\/uploads\/2021\/07\/PHOTO-2021-07-20-14-38-36a-600x450.jpg\"><\/a><\/div><div class=\"col-md-4\"><a class=\"thumbnail magnific\" href=\"https:\/\/www.tierarztschwyz.ch\/wp\/wp-content\/uploads\/2021\/07\/PHOTO-2021-07-20-14-39-13.jpg\"><img decoding=\"async\" src=\"https:\/\/www.tierarztschwyz.ch\/wp\/wp-content\/uploads\/2021\/07\/PHOTO-2021-07-20-14-39-13-600x450.jpg\"><\/a><\/div><div class=\"col-md-4\"><a class=\"thumbnail magnific\" href=\"https:\/\/www.tierarztschwyz.ch\/wp\/wp-content\/uploads\/2021\/07\/PHOTO-2021-07-20-14-38-36-2.jpg\"><img decoding=\"async\" src=\"https:\/\/www.tierarztschwyz.ch\/wp\/wp-content\/uploads\/2021\/07\/PHOTO-2021-07-20-14-38-36-2-600x450.jpg\"><\/a><\/div><\/div>\n<p>Auch dieses Jahr durften wir im Rahmen des Ferienpasses vielen Kindern einen Einblick in eine Tierarztpraxis gew\u00e4hren.<\/p>\n<p>Vielen Dank an Greth Steiner mit ihren Hunden.<\/p>\n<a href=\"https:\/\/www.tierarztschwyz.ch\/?p=7014\" class=\"more-link\">weiterlesen<\/a>    <\/div>\n    <div class=\"post-extras bordered text-center\">\n            <div class=\"text-center\">\n            <span class=\"post-category\">\n                            <\/span>\n            <span class=\"post-tags\">\n                            <\/span>\n            <span class=\"post-link\">\n                            <\/span>\n        <\/div>\n    <\/div>\n<span class=\"hide\"><span class=\"author vcard\"><span class=\"fn\">tpa<\/span><\/span><span class=\"entry-title\">Ferienpass<\/span><time class=\"entry-date updated\" datetime=\"2021-07-28T11:52:46+02:00\">07.28.2021<\/time><\/span><\/article>\n            <\/div>\n        <\/div>        <div class=\"post-item infinite-item col-md-6 filter-hunde\">\n            <div class=\"grid-post swatch-light\">\n<article id=\"post-4747\" class=\"post-showinfo  post-4747 post type-post status-publish format-standard hentry category-hunde\">\n    <div class=\"post-media overlay\">\n            <\/div>\n    <div class=\"post-head small-screen-center\">\n        <h2 class=\"post-title entry-title\">\n            <a href=\"https:\/\/www.tierarztschwyz.ch\/?p=4747\" title=\"Permalink to Umgang mit Haustieren an Silvester\" rel=\"bookmark\">\n                Umgang mit Haustieren an Silvester            <\/a>\n        <\/h2>\n        <small class=\"post-author\">\n            <a href=\"https:\/\/www.tierarztschwyz.ch\/?author=6\">\n                tpa            <\/a>\n        <\/small>\n        <small class=\"post-date\">\n            12. Dezember 2014        <\/small>        <div class=\"post-icon\">\n            <div class=\"hex hex-big\">\n                <i class=\"fa fa-file-text\"><\/i>            <\/div>\n        <\/div>    <\/div>\n    <div class=\"post-body entry-content\">\n                <p>Bald ist es wieder soweit. Wir begr\u00fcssen das Neue Jahr mit Silvesterparty, grossem Feuerwerk und Sekt. Auch f\u00fcr unsere Haustiere ist der Jahreswechsel kein Tag wie jeder andere.<\/p>\n<a href=\"https:\/\/www.tierarztschwyz.ch\/?p=4747\" class=\"more-link\">weiterlesen<\/a>    <\/div>\n    <div class=\"post-extras bordered text-center\">\n            <div class=\"text-center\">\n            <span class=\"post-category\">\n                            <\/span>\n            <span class=\"post-tags\">\n                            <\/span>\n            <span class=\"post-link\">\n                            <\/span>\n        <\/div>\n    <\/div>\n<span class=\"hide\"><span class=\"author vcard\"><span class=\"fn\">tpa<\/span><\/span><span class=\"entry-title\">Umgang mit Haustieren an Silvester<\/span><time class=\"entry-date updated\" datetime=\"2014-12-12T17:31:03+02:00\">12.12.2014<\/time><\/span><\/article>\n            <\/div>\n        <\/div>        <div class=\"post-item infinite-item col-md-6 filter-allgemein\">\n            <div class=\"grid-post swatch-light\">\n<article id=\"post-6081\" class=\"post-showinfo  post-6081 post type-post status-publish format-standard hentry category-allgemein\">\n    <div class=\"post-media overlay\">\n            <\/div>\n    <div class=\"post-head small-screen-center\">\n        <h2 class=\"post-title entry-title\">\n            <a href=\"https:\/\/www.tierarztschwyz.ch\/?p=6081\" title=\"Permalink to Hilfsbed\u00fcrftige Igel\" rel=\"bookmark\">\n                Hilfsbed\u00fcrftige Igel            <\/a>\n        <\/h2>\n        <small class=\"post-author\">\n            <a href=\"https:\/\/www.tierarztschwyz.ch\/?author=6\">\n                tpa            <\/a>\n        <\/small>\n        <small class=\"post-date\">\n            12. Dezember 2014        <\/small>        <div class=\"post-icon\">\n            <div class=\"hex hex-big\">\n                <i class=\"fa fa-file-text\"><\/i>            <\/div>\n        <\/div>    <\/div>\n    <div class=\"post-body entry-content\">\n                <p>Ein Igel braucht Hilfe, wenn er<\/p>\n<ul>\n<li>verletzt ist<\/li>\n<li>sich nicht einkugelt<\/li>\n<li>apathisches Verhalten zeigt<\/li>\n<li>viele Zecken, Fliegen oder Maden hat<\/li>\n<\/ul>\n<a href=\"https:\/\/www.tierarztschwyz.ch\/?p=6081\" class=\"more-link\">weiterlesen<\/a>    <\/div>\n    <div class=\"post-extras bordered text-center\">\n            <div class=\"text-center\">\n            <span class=\"post-category\">\n                            <\/span>\n            <span class=\"post-tags\">\n                            <\/span>\n            <span class=\"post-link\">\n                            <\/span>\n        <\/div>\n    <\/div>\n<span class=\"hide\"><span class=\"author vcard\"><span class=\"fn\">tpa<\/span><\/span><span class=\"entry-title\">Hilfsbed\u00fcrftige Igel<\/span><time class=\"entry-date updated\" datetime=\"2014-12-12T10:28:29+02:00\">12.12.2014<\/time><\/span><\/article>\n            <\/div>\n        <\/div>    <\/div><div class=\"infinite-scroll\" style=\"visibility:hidden;\"><a href=\"https:\/\/www.tierarztschwyz.ch\/index.php?rest_route=%2Fwp%2Fv2%2Fpages%2F4407&#038;paged=2\">&rsaquo;<\/a><\/div><\/div><\/div><\/div><\/div><\/section><section  class=\"section swatch-decoration section-nopadding has-top \" ><div class=\"decor-top\"><svg class=\"decor\" height=\"100%\" preserveaspectratio=\"none\" version=\"1.1\" viewbox=\"0 0 100 100\" width=\"100%\" xmlns=\"http:\/\/www.w3.org\/2000\/svg\">\n  <path d=\"M0 0 L100 100 L0 100\" stroke-width=\"0\"><\/path>\n<\/svg>\n<\/div><div class=\"background-media\"><\/div><div class=\"background-overlay\" style=\"background-color:rgba(0,0,0,0)\"><\/div><div class=\"container\"><div class=\"row vertical-top\"><div class=\"col-md-12  text-default\" ><\/div><\/div><\/div><\/section>\n","protected":false},"excerpt":{"rendered":"","protected":false},"author":1,"featured_media":0,"parent":0,"menu_order":0,"comment_status":"open","ping_status":"closed","template":"","meta":{"footnotes":""},"class_list":["post-4407","page","type-page","status-publish","hentry"],"publishpress_future_action":{"enabled":false,"date":"2026-05-10 15:25:46","action":"change-status","newStatus":"draft","terms":[],"taxonomy":"","extraData":[]},"publishpress_future_workflow_manual_trigger":{"enabledWorkflows":[]},"_links":{"self":[{"href":"https:\/\/www.tierarztschwyz.ch\/index.php?rest_route=\/wp\/v2\/pages\/4407","targetHints":{"allow":["GET"]}}],"collection":[{"href":"https:\/\/www.tierarztschwyz.ch\/index.php?rest_route=\/wp\/v2\/pages"}],"about":[{"href":"https:\/\/www.tierarztschwyz.ch\/index.php?rest_route=\/wp\/v2\/types\/page"}],"author":[{"embeddable":true,"href":"https:\/\/www.tierarztschwyz.ch\/index.php?rest_route=\/wp\/v2\/users\/1"}],"replies":[{"embeddable":true,"href":"https:\/\/www.tierarztschwyz.ch\/index.php?rest_route=%2Fwp%2Fv2%2Fcomments&post=4407"}],"version-history":[{"count":107,"href":"https:\/\/www.tierarztschwyz.ch\/index.php?rest_route=\/wp\/v2\/pages\/4407\/revisions"}],"predecessor-version":[{"id":6871,"href":"https:\/\/www.tierarztschwyz.ch\/index.php?rest_route=\/wp\/v2\/pages\/4407\/revisions\/6871"}],"wp:attachment":[{"href":"https:\/\/www.tierarztschwyz.ch\/index.php?rest_route=%2Fwp%2Fv2%2Fmedia&parent=4407"}],"curies":[{"name":"wp","href":"https:\/\/api.w.org\/{rel}","templated":true}]}}